{"id":1605,"date":"2025-12-09T17:40:25","date_gmt":"2025-12-09T16:40:25","guid":{"rendered":"https:\/\/aorh.ch\/?page_id=1605"},"modified":"2025-12-09T17:40:25","modified_gmt":"2025-12-09T16:40:25","slug":"rueckblick-adventskonzert-2025-in-heiden","status":"publish","type":"page","link":"https:\/\/aorh.ch\/?page_id=1605","title":{"rendered":"R\u00fcckblick Adventskonzert 2025 in Heiden"},"content":{"rendered":"\n<p>Akkordeonkl\u00e4nge zum 2. Adventssonntag<br>Das Akkordeonorchester Rorschach-\u00adHeiden begeisterte am zweiten Adventsonntag 2025 die zahlreich erschienenen Zuh\u00f6rer in der katholischen Kirche Heiden mit einem abwechslungsreichen Konzertprogramm.<\/p>\n\n\n\n<p>Unter der musikalischen Leitung von Mihai Alexa und der Mitwirkung des M\u00e4nnerchors Au-Berneck kamen sowohl besinnliche Musikst\u00fccke als auch beliebte Hits von Elton John, Udo J\u00fcrgens und Tina Turner zur Auff\u00fchrung. Besondere Leckerbissen waren das anspruchsvolle Solo-St\u00fcck Czardas, welches von Bruno Scheiwiller virtuos gespielt wurde, sowie die gef\u00fchlvolle Ballade \u00abDer einsame Hirte\u00bb bei der Markus Bachmann auf der Blockfl\u00f6te von Mihai Alexa am Akkordeon begleitet wurde.<\/p>\n\n\n\n<p>Dass Akkordeon und Chormusik sich optimal erg\u00e4nzen, zeigte sich bei leichter Klassik \u00abFuniculi, Funicula\u00bb oder der Anti-Kriegs Hymne \u00abHappy Christmas (War is over)\u00bb. Bevor der stimmungsvolle Abend bei Gl\u00fchwein und Punsch ausklang, w\u00fcnschte das Orchester den G\u00e4sten mit dem volkst\u00fcmlichen Hit \u00abAlls was bruchsch uf de Welt\u00bb eine lichtvolle Adventszeit.<\/p>\n\n\n\n<figure class=\"wp-block-image size-large\"><a href=\"https:\/\/aorh.ch\/wp-content\/uploads\/2025\/12\/JKH2025_1.jpg\"><img loading=\"lazy\" decoding=\"async\" width=\"1024\" height=\"683\" src=\"https:\/\/aorh.ch\/wp-content\/uploads\/2025\/12\/JKH2025_1-1024x683.jpg\" alt=\"\" class=\"wp-image-1601\" srcset=\"https:\/\/aorh.ch\/wp-content\/uploads\/2025\/12\/JKH2025_1-1024x683.jpg 1024w, https:\/\/aorh.ch\/wp-content\/uploads\/2025\/12\/JKH2025_1-300x200.jpg 300w, https:\/\/aorh.ch\/wp-content\/uploads\/2025\/12\/JKH2025_1-768x512.jpg 768w, https:\/\/aorh.ch\/wp-content\/uploads\/2025\/12\/JKH2025_1.jpg 1536w\" sizes=\"auto, (max-width: 1024px) 100vw, 1024px\" \/><\/a><\/figure>\n\n\n\n<figure class=\"wp-block-image size-large\"><a href=\"https:\/\/aorh.ch\/wp-content\/uploads\/2025\/12\/JKH2025_2.jpg\"><img loading=\"lazy\" decoding=\"async\" width=\"1024\" height=\"492\" src=\"https:\/\/aorh.ch\/wp-content\/uploads\/2025\/12\/JKH2025_2-1024x492.jpg\" alt=\"\" class=\"wp-image-1602\" srcset=\"https:\/\/aorh.ch\/wp-content\/uploads\/2025\/12\/JKH2025_2-1024x492.jpg 1024w, https:\/\/aorh.ch\/wp-content\/uploads\/2025\/12\/JKH2025_2-300x144.jpg 300w, https:\/\/aorh.ch\/wp-content\/uploads\/2025\/12\/JKH2025_2-768x369.jpg 768w, https:\/\/aorh.ch\/wp-content\/uploads\/2025\/12\/JKH2025_2.jpg 1337w\" sizes=\"auto, (max-width: 1024px) 100vw, 1024px\" \/><\/a><\/figure>\n\n\n\n<figure class=\"wp-block-image size-full\"><a href=\"https:\/\/aorh.ch\/wp-content\/uploads\/2025\/12\/JKH2025_3.jpg\"><img loading=\"lazy\" decoding=\"async\" width=\"570\" height=\"588\" src=\"https:\/\/aorh.ch\/wp-content\/uploads\/2025\/12\/JKH2025_3.jpg\" alt=\"\" class=\"wp-image-1603\" srcset=\"https:\/\/aorh.ch\/wp-content\/uploads\/2025\/12\/JKH2025_3.jpg 570w, https:\/\/aorh.ch\/wp-content\/uploads\/2025\/12\/JKH2025_3-291x300.jpg 291w\" sizes=\"auto, (max-width: 570px) 100vw, 570px\" \/><\/a><\/figure>\n\n\n\n<figure class=\"wp-block-image size-large\"><a href=\"https:\/\/aorh.ch\/wp-content\/uploads\/2025\/12\/JKH2025_4.jpg\"><img loading=\"lazy\" decoding=\"async\" width=\"1024\" height=\"542\" src=\"https:\/\/aorh.ch\/wp-content\/uploads\/2025\/12\/JKH2025_4-1024x542.jpg\" alt=\"\" class=\"wp-image-1604\" srcset=\"https:\/\/aorh.ch\/wp-content\/uploads\/2025\/12\/JKH2025_4-1024x542.jpg 1024w, https:\/\/aorh.ch\/wp-content\/uploads\/2025\/12\/JKH2025_4-300x159.jpg 300w, https:\/\/aorh.ch\/wp-content\/uploads\/2025\/12\/JKH2025_4-768x407.jpg 768w, https:\/\/aorh.ch\/wp-content\/uploads\/2025\/12\/JKH2025_4.jpg 1133w\" sizes=\"auto, (max-width: 1024px) 100vw, 1024px\" \/><\/a><\/figure>\n","protected":false},"excerpt":{"rendered":"<p>Akkordeonkl\u00e4nge zum 2. AdventssonntagDas Akkordeonorchester Rorschach-\u00adHeiden begeisterte am zweiten Adventsonntag 2025 die zahlreich erschienenen Zuh\u00f6rer in der katholischen Kirche Heiden mit einem abwechslungsreichen Konzertprogramm. Unter der musikalischen Leitung von Mihai Alexa und der Mitwirkung des M\u00e4nnerchors Au-Berneck kamen sowohl besinnliche Musikst\u00fccke als auch beliebte Hits von Elton John, Udo J\u00fcrgens und Tina Turner zur Auff\u00fchrung.&hellip; <a class=\"more-link\" href=\"https:\/\/aorh.ch\/?page_id=1605\"><span class=\"screen-reader-text\">R\u00fcckblick Adventskonzert 2025 in Heiden<\/span> weiterlesen<\/a><\/p>\n","protected":false},"author":1,"featured_media":0,"parent":0,"menu_order":0,"comment_status":"closed","ping_status":"closed","template":"","meta":{"footnotes":""},"class_list":["post-1605","page","type-page","status-publish","hentry","entry"],"_links":{"self":[{"href":"https:\/\/aorh.ch\/index.php?rest_route=\/wp\/v2\/pages\/1605","targetHints":{"allow":["GET"]}}],"collection":[{"href":"https:\/\/aorh.ch\/index.php?rest_route=\/wp\/v2\/pages"}],"about":[{"href":"https:\/\/aorh.ch\/index.php?rest_route=\/wp\/v2\/types\/page"}],"author":[{"embeddable":true,"href":"https:\/\/aorh.ch\/index.php?rest_route=\/wp\/v2\/users\/1"}],"replies":[{"embeddable":true,"href":"https:\/\/aorh.ch\/index.php?rest_route=%2Fwp%2Fv2%2Fcomments&post=1605"}],"version-history":[{"count":1,"href":"https:\/\/aorh.ch\/index.php?rest_route=\/wp\/v2\/pages\/1605\/revisions"}],"predecessor-version":[{"id":1607,"href":"https:\/\/aorh.ch\/index.php?rest_route=\/wp\/v2\/pages\/1605\/revisions\/1607"}],"wp:attachment":[{"href":"https:\/\/aorh.ch\/index.php?rest_route=%2Fwp%2Fv2%2Fmedia&parent=1605"}],"curies":[{"name":"wp","href":"https:\/\/api.w.org\/{rel}","templated":true}]}}