{"id":903,"date":"2015-04-22T22:06:29","date_gmt":"2015-04-22T20:06:29","guid":{"rendered":"http:\/\/aor.bplaced.net\/wp\/?page_id=903"},"modified":"2015-08-21T22:28:13","modified_gmt":"2015-08-21T20:28:13","slug":"rueckblick-20-jahre-aor","status":"publish","type":"page","link":"https:\/\/aorh.ch\/?page_id=903","title":{"rendered":"R\u00fcckblick \u201c20 Jahre AOR\u201d"},"content":{"rendered":"<p>An dieser Stelle m\u00f6chten wir auf unsere Jubil\u00e4umsanl\u00e4sse &#8222;20 Jahre AOR&#8220;<br \/>\nvom 22. und 23. November 2003 zur\u00fcckblicken.<\/p>\n<p><a href=\"https:\/\/aorh.ch\/wp-content\/uploads\/2013\/11\/flyer_logo.gif\"><img loading=\"lazy\" decoding=\"async\" class=\" size-full wp-image-207 alignleft\" src=\"https:\/\/aorh.ch\/wp-content\/uploads\/2013\/11\/flyer_logo.gif\" alt=\"flyer_logo\" width=\"173\" height=\"188\" \/><\/a><\/p>\n<p>&nbsp;<\/p>\n<p>St. Galler Tagblatt, Dienstag, 25. November 2003<\/p>\n<p>Akkordeonmusik erf\u00fcllte den Saal Das Akkordeon-Orchester Rorschach gab zu seinem zwanzigj\u00e4hrigen Bestehen zwei festliche Konzerte Rorschach. Ein grosses Akkordeon-Dinner und das Jubil\u00e4umskonzert erinnerten am Wochenende an das zwanzigj\u00e4hrige Bestehen des Akkordeon-Orchesters. Es ist aus dem kulturellen Leben der Stadt nicht wegzudenken.<\/p>\n<p>Peter Beerli<\/p>\n<p>Am Samstagabend umrahmten das Akkordeon-Orchester, die Schwyzer\u00f6rgeli-Fr\u00fcnde und das Akkordeon-Ensemble im Stadthofsaal ein festliches Nachtessen mit einem eigens dazu einstudierten Konzert und einer Reihe \u00dcberraschungen, die beim zahlreichen Publikum gut ankamen.<\/p>\n<p>Das traditionelle Jahreskonzert wurde am Sonntagnachmittag vom \u00abAkkordeon-Orchester Rorschach 1983\u00bb er\u00f6ffnet: Musikantinnen und Musikanten, die seit der Gr\u00fcndung dabei sind, spielten unter Heidi Wachters Leitung volkst\u00fcmliche Musik der Anfangsjahre, aus welchen Kassierin Anni Heiz berichtete. Wie vor achtzehn Jahren schon \u00fcbergab Heidi Wachter dann auch an diesem Konzert den Dirigentenstab ihrem Mann Ruedi Wachter und \u00fcbernahm die Rolle am Bass, um mit dem Orchester Renato Buis \u00abShow-Time\u00bb zu spielen.<\/p>\n<p>Bestes aus allen Bereichen Durch das Akkordeon-Jugend-Ensemble verst\u00e4rkt bewies das Orchester mit Hans G\u00fcnther K\u00f6lz&#8216; \u00abLemon Tree\u00bb, dem vertrauten \u00abThe Lion King\u00bb und einem Boogie-Woogie von Renato Bui, dass es in allen Bereichen der Akkordeonmusik Bestes zu bieten hat. Die Schwyzer\u00f6rgeli-Fr\u00fcnde begeisterten in ihrer traditionellen Einlage mit l\u00fcpfiger Musik. Dazu wurde von der Jugend geklatscht, gestampft und am Waschbrett gearbeitet, dass es eine Freude war. Nach der Pause bot das Akkordeon-Orchester dann einen Reigen durch das Repertoire der letzten zwanzig Jahre: Curt Herolds rassiger Marsch \u00abFeuerreiter\u00bb war als allererstes St\u00fcck einge\u00fcbt worden. Mit dem Wahlst\u00fcck \u00abRussische Fantasie\u00bb holte sich das Orchester vor Jahren an einem \u00abEidgen\u00f6ssischen\u00bb ein \u00abVorz\u00fcglich\u00bb und eine Auszeichnung f\u00fcr den fantasievolls- ten Auftritt. Noch einmal erklang mit \u00abLeicht beswingt\u00bb ein Renato-Bui-Werk.<\/p>\n<p>Der Pr\u00e4sident als S\u00e4nger Pr\u00e4sident Sergio Zulian hatte in Hans Rauchs \u00abA media Luz\u00bb die Solorolle inne und schmetterte zur Begeisterung des voll mitgehenden Publikums mit m\u00e4chtiger Stimme das \u00abO sole mio\u00bb in den Saal hinaus. Auch Stefan Grab, ein Akkordeonist, der auch im OK des Jubil\u00e4ums-Dinners aktiv war, erwies sich in der Schluss-Dreingabe als begabter S\u00e4nger. Vorher aber ert\u00f6nten Irving Berlins \u00abThere&#8217;s no business like show business\u00bb und ein zeitgem\u00e4sses Rock-St\u00fcck.<\/p>\n<p>Nette Gags machens aus In der sympathischen Jacques-Huber-Erinnerung \u00abZ\u00e4hne m\u00fcssen sauber sein\u00bb leitete Cornelia Weiler eine Kindergruppe zu einem netten Gag an. Solche \u00dcberraschungen machen es mit aus, dass das ganze Volk immer so gerne an Anl\u00e4sse des Akkordeon-Orchesters geht. Im Rahmen des Programms vom Sonntagnachmittag wurden Heidi und Ruedi Wachter geehrt, ohne die man sich Rorschachs Kulturleben und die Volksmusikszene der Region nicht vorstellen k\u00f6nnte.<\/p>\n<p>An Musikfesten acht Mal \u00abvorz\u00fcglich\u00bb<\/p>\n<p>Wer das Akkordeon-Orchester Rorschach kennt, staunt nicht, dass es in seinen bisher zwanzig Jahren an ostschweizerischen und eidgen\u00f6ssischen Musikfesten achtmal das Pr\u00e4dikat \u00abvorz\u00fcglich\u00bb und einmal \u00absehr gut\u00bb erzielte. Dabei wirkten die 13 Akkordeonspieler aus der Musikschule Rorschach, welche das Orchester 1983 gr\u00fcndeten, auch ansteckend, ist die Zahl der Aktivmitglieder doch auf fast vierzig gestiegen.<\/p>\n<p>Anni Heiz, seit der Vereinsgr\u00fcndung Kassierin, erinnerte am Jubil\u00e4umskonzert an die Proben in den R\u00e4umen der Familie Wachter, an erste Jahreskonzerte im Pfarreisaal und im Kirchgemeindehaus, f\u00fcr welche die Mitglieder nicht nur \u00fcbten, sondern auch die Kuchen selber backten. Schon 1988 spielte das Orchester in Wysel Gyrs Folklore-Sendung \u00ab\u00d6isi Musig\u00bb im Fernsehen. Mit Jahres- und Kirchenkonzerten, Auftritten in Alters- und Pflegeheimen und bei zahlreichen \u00f6ffentlichen Veranstaltungen wirkt das Akkordeon-Orchester immer wieder am kulturellen Leben von Stadt und Region mit, ohne dabei die Pflege der Kameradschaft in den eigenen Reihen zu vernachl\u00e4ssigen. In der Jubil\u00e4umschronik heisst es, Heidi und Ruedi Wachter h\u00e4tten mit der Gr\u00fcndung ihrer Musikschule im Jahr 1980 dem Akkordeonspiel zu steigender Beliebtheit verholfen und den Grundstein zur Vereinsgr\u00fcndung gelegt. Sie und ihre Kinder pr\u00e4gen das Akkordeongeschehen in der Region noch heute wesentlich mit. (pb.)<\/p>\n<p>Copyright \u00a9 St.Galler Tagblatt AG<\/p>\n<p><a href=\"https:\/\/aorh.ch\/wp-content\/uploads\/2015\/08\/programm_20jahre_aor.pdf\">Programmheft<\/a><\/p>\n<p><a href=\"https:\/\/aorh.ch\/wp-content\/uploads\/2013\/11\/jubi4.jpg\"><img loading=\"lazy\" decoding=\"async\" class=\"aligncenter size-full wp-image-306\" src=\"https:\/\/aorh.ch\/wp-content\/uploads\/2013\/11\/jubi4.jpg\" alt=\"jubi4\" width=\"800\" height=\"600\" srcset=\"https:\/\/aorh.ch\/wp-content\/uploads\/2013\/11\/jubi4.jpg 800w, https:\/\/aorh.ch\/wp-content\/uploads\/2013\/11\/jubi4-300x225.jpg 300w\" sizes=\"auto, (max-width: 800px) 100vw, 800px\" \/><\/a><\/p>\n<p><a href=\"https:\/\/aorh.ch\/wp-content\/uploads\/2013\/11\/jubi1.jpg\"><img loading=\"lazy\" decoding=\"async\" class=\"aligncenter size-full wp-image-303\" src=\"https:\/\/aorh.ch\/wp-content\/uploads\/2013\/11\/jubi1.jpg\" alt=\"jubi1\" width=\"800\" height=\"600\" srcset=\"https:\/\/aorh.ch\/wp-content\/uploads\/2013\/11\/jubi1.jpg 800w, https:\/\/aorh.ch\/wp-content\/uploads\/2013\/11\/jubi1-300x225.jpg 300w\" sizes=\"auto, (max-width: 800px) 100vw, 800px\" \/><\/a><\/p>\n<p><a href=\"https:\/\/aorh.ch\/wp-content\/uploads\/2013\/11\/jubi2.jpg\"><img loading=\"lazy\" decoding=\"async\" class=\"aligncenter size-full wp-image-304\" src=\"https:\/\/aorh.ch\/wp-content\/uploads\/2013\/11\/jubi2.jpg\" alt=\"jubi2\" width=\"400\" height=\"300\" srcset=\"https:\/\/aorh.ch\/wp-content\/uploads\/2013\/11\/jubi2.jpg 400w, https:\/\/aorh.ch\/wp-content\/uploads\/2013\/11\/jubi2-300x225.jpg 300w\" sizes=\"auto, (max-width: 400px) 100vw, 400px\" \/><\/a><a href=\"https:\/\/aorh.ch\/wp-content\/uploads\/2013\/11\/jubi3.jpg\"><img loading=\"lazy\" decoding=\"async\" class=\"aligncenter size-full wp-image-305\" src=\"https:\/\/aorh.ch\/wp-content\/uploads\/2013\/11\/jubi3.jpg\" alt=\"jubi3\" width=\"400\" height=\"300\" srcset=\"https:\/\/aorh.ch\/wp-content\/uploads\/2013\/11\/jubi3.jpg 400w, https:\/\/aorh.ch\/wp-content\/uploads\/2013\/11\/jubi3-300x225.jpg 300w\" sizes=\"auto, (max-width: 400px) 100vw, 400px\" \/><\/a><a href=\"https:\/\/aorh.ch\/wp-content\/uploads\/2013\/11\/jubi5.jpg\"><img loading=\"lazy\" decoding=\"async\" class=\"aligncenter size-full wp-image-307\" src=\"https:\/\/aorh.ch\/wp-content\/uploads\/2013\/11\/jubi5.jpg\" alt=\"jubi5\" width=\"800\" height=\"600\" srcset=\"https:\/\/aorh.ch\/wp-content\/uploads\/2013\/11\/jubi5.jpg 800w, https:\/\/aorh.ch\/wp-content\/uploads\/2013\/11\/jubi5-300x225.jpg 300w\" sizes=\"auto, (max-width: 800px) 100vw, 800px\" \/><\/a> <a href=\"https:\/\/aorh.ch\/wp-content\/uploads\/2013\/11\/jubi6.jpg\"><img loading=\"lazy\" decoding=\"async\" class=\"aligncenter size-full wp-image-308\" src=\"https:\/\/aorh.ch\/wp-content\/uploads\/2013\/11\/jubi6.jpg\" alt=\"jubi6\" width=\"400\" height=\"300\" srcset=\"https:\/\/aorh.ch\/wp-content\/uploads\/2013\/11\/jubi6.jpg 400w, https:\/\/aorh.ch\/wp-content\/uploads\/2013\/11\/jubi6-300x225.jpg 300w\" sizes=\"auto, (max-width: 400px) 100vw, 400px\" \/><\/a> <a href=\"https:\/\/aorh.ch\/wp-content\/uploads\/2013\/11\/jubi7.jpg\"><img loading=\"lazy\" decoding=\"async\" class=\"aligncenter size-full wp-image-309\" src=\"https:\/\/aorh.ch\/wp-content\/uploads\/2013\/11\/jubi7.jpg\" alt=\"jubi7\" width=\"800\" height=\"600\" srcset=\"https:\/\/aorh.ch\/wp-content\/uploads\/2013\/11\/jubi7.jpg 800w, https:\/\/aorh.ch\/wp-content\/uploads\/2013\/11\/jubi7-300x225.jpg 300w\" sizes=\"auto, (max-width: 800px) 100vw, 800px\" \/><\/a> <a href=\"https:\/\/aorh.ch\/wp-content\/uploads\/2013\/11\/jubi8.jpg\"><img loading=\"lazy\" decoding=\"async\" class=\"aligncenter size-full wp-image-310\" src=\"https:\/\/aorh.ch\/wp-content\/uploads\/2013\/11\/jubi8.jpg\" alt=\"jubi8\" width=\"800\" height=\"300\" srcset=\"https:\/\/aorh.ch\/wp-content\/uploads\/2013\/11\/jubi8.jpg 800w, https:\/\/aorh.ch\/wp-content\/uploads\/2013\/11\/jubi8-300x112.jpg 300w\" sizes=\"auto, (max-width: 800px) 100vw, 800px\" \/><\/a> <a href=\"https:\/\/aorh.ch\/wp-content\/uploads\/2013\/11\/jubi9.jpg\"><img loading=\"lazy\" decoding=\"async\" class=\"aligncenter size-full wp-image-311\" src=\"https:\/\/aorh.ch\/wp-content\/uploads\/2013\/11\/jubi9.jpg\" alt=\"jubi9\" width=\"400\" height=\"300\" srcset=\"https:\/\/aorh.ch\/wp-content\/uploads\/2013\/11\/jubi9.jpg 400w, https:\/\/aorh.ch\/wp-content\/uploads\/2013\/11\/jubi9-300x225.jpg 300w\" sizes=\"auto, (max-width: 400px) 100vw, 400px\" \/><\/a> <a href=\"https:\/\/aorh.ch\/wp-content\/uploads\/2013\/11\/jubi10.jpg\"><img loading=\"lazy\" decoding=\"async\" class=\"aligncenter size-full wp-image-312\" src=\"https:\/\/aorh.ch\/wp-content\/uploads\/2013\/11\/jubi10.jpg\" alt=\"jubi10\" width=\"400\" height=\"300\" srcset=\"https:\/\/aorh.ch\/wp-content\/uploads\/2013\/11\/jubi10.jpg 400w, https:\/\/aorh.ch\/wp-content\/uploads\/2013\/11\/jubi10-300x225.jpg 300w\" sizes=\"auto, (max-width: 400px) 100vw, 400px\" \/><\/a> <a href=\"https:\/\/aorh.ch\/wp-content\/uploads\/2013\/11\/jubi11.jpg\"><img loading=\"lazy\" decoding=\"async\" class=\"aligncenter size-full wp-image-313\" src=\"https:\/\/aorh.ch\/wp-content\/uploads\/2013\/11\/jubi11.jpg\" alt=\"jubi11\" width=\"800\" height=\"533\" srcset=\"https:\/\/aorh.ch\/wp-content\/uploads\/2013\/11\/jubi11.jpg 800w, https:\/\/aorh.ch\/wp-content\/uploads\/2013\/11\/jubi11-300x199.jpg 300w\" sizes=\"auto, (max-width: 800px) 100vw, 800px\" \/><\/a> <a href=\"https:\/\/aorh.ch\/wp-content\/uploads\/2013\/11\/jubi12.jpg\"><img loading=\"lazy\" decoding=\"async\" class=\"aligncenter size-full wp-image-314\" src=\"https:\/\/aorh.ch\/wp-content\/uploads\/2013\/11\/jubi12.jpg\" alt=\"jubi12\" width=\"400\" height=\"600\" srcset=\"https:\/\/aorh.ch\/wp-content\/uploads\/2013\/11\/jubi12.jpg 400w, https:\/\/aorh.ch\/wp-content\/uploads\/2013\/11\/jubi12-200x300.jpg 200w\" sizes=\"auto, (max-width: 400px) 100vw, 400px\" \/><\/a> <a href=\"https:\/\/aorh.ch\/wp-content\/uploads\/2013\/11\/jubi13.jpg\"><img loading=\"lazy\" decoding=\"async\" class=\"aligncenter size-full wp-image-315\" src=\"https:\/\/aorh.ch\/wp-content\/uploads\/2013\/11\/jubi13.jpg\" alt=\"jubi13\" width=\"800\" height=\"600\" srcset=\"https:\/\/aorh.ch\/wp-content\/uploads\/2013\/11\/jubi13.jpg 800w, https:\/\/aorh.ch\/wp-content\/uploads\/2013\/11\/jubi13-300x225.jpg 300w\" sizes=\"auto, (max-width: 800px) 100vw, 800px\" \/><\/a> <a href=\"https:\/\/aorh.ch\/wp-content\/uploads\/2013\/11\/jubi14.jpg\"><img loading=\"lazy\" decoding=\"async\" class=\"aligncenter size-full wp-image-316\" src=\"https:\/\/aorh.ch\/wp-content\/uploads\/2013\/11\/jubi14.jpg\" alt=\"jubi14\" width=\"400\" height=\"300\" srcset=\"https:\/\/aorh.ch\/wp-content\/uploads\/2013\/11\/jubi14.jpg 400w, https:\/\/aorh.ch\/wp-content\/uploads\/2013\/11\/jubi14-300x225.jpg 300w\" sizes=\"auto, (max-width: 400px) 100vw, 400px\" \/><\/a> <a href=\"https:\/\/aorh.ch\/wp-content\/uploads\/2013\/11\/jubi15.jpg\"><img loading=\"lazy\" decoding=\"async\" class=\"aligncenter size-full wp-image-317\" src=\"https:\/\/aorh.ch\/wp-content\/uploads\/2013\/11\/jubi15.jpg\" alt=\"jubi15\" width=\"400\" height=\"600\" srcset=\"https:\/\/aorh.ch\/wp-content\/uploads\/2013\/11\/jubi15.jpg 400w, https:\/\/aorh.ch\/wp-content\/uploads\/2013\/11\/jubi15-200x300.jpg 200w\" sizes=\"auto, (max-width: 400px) 100vw, 400px\" \/><\/a> <a href=\"https:\/\/aorh.ch\/wp-content\/uploads\/2013\/11\/jubi16.jpg\"><img loading=\"lazy\" decoding=\"async\" class=\"aligncenter size-full wp-image-318\" src=\"https:\/\/aorh.ch\/wp-content\/uploads\/2013\/11\/jubi16.jpg\" alt=\"jubi16\" width=\"800\" height=\"533\" srcset=\"https:\/\/aorh.ch\/wp-content\/uploads\/2013\/11\/jubi16.jpg 800w, https:\/\/aorh.ch\/wp-content\/uploads\/2013\/11\/jubi16-300x199.jpg 300w\" sizes=\"auto, (max-width: 800px) 100vw, 800px\" \/><\/a><a href=\"https:\/\/aorh.ch\/wp-content\/uploads\/2013\/11\/ehrungen.gif\"><img loading=\"lazy\" decoding=\"async\" class=\"aligncenter size-full wp-image-204\" src=\"https:\/\/aorh.ch\/wp-content\/uploads\/2013\/11\/ehrungen.gif\" alt=\"ehrungen\" width=\"427\" height=\"599\" \/><\/a><\/p>\n","protected":false},"excerpt":{"rendered":"<p>An dieser Stelle m\u00f6chten wir auf unsere Jubil\u00e4umsanl\u00e4sse &#8222;20 Jahre AOR&#8220; vom 22. und 23. November 2003 zur\u00fcckblicken. &nbsp; St. Galler Tagblatt, Dienstag, 25. November 2003 Akkordeonmusik erf\u00fcllte den Saal Das Akkordeon-Orchester Rorschach gab zu seinem zwanzigj\u00e4hrigen Bestehen zwei festliche Konzerte Rorschach. Ein grosses Akkordeon-Dinner und das Jubil\u00e4umskonzert erinnerten am Wochenende an das zwanzigj\u00e4hrige Bestehen&hellip; <a class=\"more-link\" href=\"https:\/\/aorh.ch\/?page_id=903\"><span class=\"screen-reader-text\">R\u00fcckblick \u201c20 Jahre AOR\u201d<\/span> weiterlesen<\/a><\/p>\n","protected":false},"author":1,"featured_media":0,"parent":122,"menu_order":26,"comment_status":"closed","ping_status":"closed","template":"","meta":{"footnotes":""},"class_list":["post-903","page","type-page","status-publish","hentry","entry"],"_links":{"self":[{"href":"https:\/\/aorh.ch\/index.php?rest_route=\/wp\/v2\/pages\/903","targetHints":{"allow":["GET"]}}],"collection":[{"href":"https:\/\/aorh.ch\/index.php?rest_route=\/wp\/v2\/pages"}],"about":[{"href":"https:\/\/aorh.ch\/index.php?rest_route=\/wp\/v2\/types\/page"}],"author":[{"embeddable":true,"href":"https:\/\/aorh.ch\/index.php?rest_route=\/wp\/v2\/users\/1"}],"replies":[{"embeddable":true,"href":"https:\/\/aorh.ch\/index.php?rest_route=%2Fwp%2Fv2%2Fcomments&post=903"}],"version-history":[{"count":9,"href":"https:\/\/aorh.ch\/index.php?rest_route=\/wp\/v2\/pages\/903\/revisions"}],"predecessor-version":[{"id":908,"href":"https:\/\/aorh.ch\/index.php?rest_route=\/wp\/v2\/pages\/903\/revisions\/908"}],"up":[{"embeddable":true,"href":"https:\/\/aorh.ch\/index.php?rest_route=\/wp\/v2\/pages\/122"}],"wp:attachment":[{"href":"https:\/\/aorh.ch\/index.php?rest_route=%2Fwp%2Fv2%2Fmedia&parent=903"}],"curies":[{"name":"wp","href":"https:\/\/api.w.org\/{rel}","templated":true}]}}